{"id":115,"date":"2024-09-05T10:35:03","date_gmt":"2024-09-05T10:35:03","guid":{"rendered":"https:\/\/nueva.abriendocamino.org\/?page_id=115"},"modified":"2025-09-10T05:10:52","modified_gmt":"2025-09-10T05:10:52","slug":"115-2","status":"publish","type":"page","link":"https:\/\/abriendocamino.org\/","title":{"rendered":"Inicio"},"content":{"rendered":"<p>[et_pb_section fb_built=\u00bb1&#8243; admin_label=\u00bbHeader\u00bb _builder_version=\u00bb4.27.0&#8243; _module_preset=\u00bbdefault\u00bb background_color=\u00bb#fbf8f5&#8243; background_enable_image=\u00bboff\u00bb custom_padding=\u00bb0vw||0px||false|false\u00bb locked=\u00bboff\u00bb global_colors_info=\u00bb{}\u00bb][et_pb_row column_structure=\u00bb1_2,1_2&#8243; make_equal=\u00bbon\u00bb _builder_version=\u00bb4.27.4&#8243; _module_preset=\u00bbdefault\u00bb width=\u00bb100%\u00bb module_alignment=\u00bbcenter\u00bb custom_margin=\u00bb0px|10px|60px|10px|false|false\u00bb custom_padding=\u00bb30px|0px|0px|0px|false|false\u00bb locked=\u00bboff\u00bb global_colors_info=\u00bb{}\u00bb][et_pb_column type=\u00bb1_2&#8243; _builder_version=\u00bb4.27.4&#8243; _module_preset=\u00bbdefault\u00bb background_enable_image=\u00bboff\u00bb background_size=\u00bbcontain\u00bb background_position=\u00bbtop_left\u00bb custom_padding=\u00bb0px|0px|0px|0px|false|false\u00bb custom_padding_tablet=\u00bb0vw||||false|false\u00bb custom_padding_phone=\u00bb||||false|false\u00bb custom_padding_last_edited=\u00bbon|phone\u00bb global_colors_info=\u00bb{}\u00bb][et_pb_image src=\u00bbhttps:\/\/abriendocamino.org\/wp-content\/uploads\/2024\/09\/entrada.jpg\u00bb title_text=\u00bbentrada\u00bb align=\u00bbcenter\u00bb _builder_version=\u00bb4.27.4&#8243; _module_preset=\u00bbdefault\u00bb custom_margin=\u00bb38px|0px|0px|0px|false|false\u00bb global_colors_info=\u00bb{}\u00bb][\/et_pb_image][\/et_pb_column][et_pb_column type=\u00bb1_2&#8243; _builder_version=\u00bb4.27.4&#8243; _module_preset=\u00bbdefault\u00bb background_enable_image=\u00bboff\u00bb background_size=\u00bbcontain\u00bb background_blend=\u00bbmultiply\u00bb border_radii=\u00bbon|20px|20px|20px|20px\u00bb global_colors_info=\u00bb{}\u00bb][et_pb_button button_url=\u00bbhttps:\/\/abriendocamino.org\/?page_id=144&#8243; button_text=\u00bbCon\u00f3cenos\u00bb button_alignment=\u00bbleft\u00bb button_alignment_tablet=\u00bbcenter\u00bb button_alignment_phone=\u00bbcenter\u00bb button_alignment_last_edited=\u00bbon|phone\u00bb _builder_version=\u00bb4.27.4&#8243; _module_preset=\u00bbdefault\u00bb custom_button=\u00bbon\u00bb button_text_size=\u00bb11px\u00bb button_text_color=\u00bb#ffffff\u00bb button_bg_color=\u00bbgcid-body-color\u00bb button_border_width=\u00bb0px\u00bb button_border_radius=\u00bb35px\u00bb button_letter_spacing=\u00bb11px\u00bb button_font=\u00bb|700||on|||||\u00bb custom_margin=\u00bb22px|0px|6px|0px|false|false\u00bb custom_margin_tablet=\u00bb30px|0px|||false|false\u00bb custom_margin_phone=\u00bb|10px|||false|false\u00bb custom_margin_last_edited=\u00bbon|phone\u00bb custom_padding=\u00bb15px|30px|15px|30px|true|true\u00bb custom_padding_tablet=\u00bb20px|20px|20px|20px|true|true\u00bb custom_padding_phone=\u00bb\u00bb custom_padding_last_edited=\u00bbon|desktop\u00bb button_text_size_tablet=\u00bb\u00bb button_text_size_phone=\u00bb11px\u00bb button_text_size_last_edited=\u00bbon|phone\u00bb locked=\u00bboff\u00bb global_colors_info=\u00bb{%22gcid-body-color%22:%91%22button_bg_color%22%93}\u00bb][\/et_pb_button][et_pb_text _builder_version=\u00bb4.27.4&#8243; _module_preset=\u00bbdefault\u00bb custom_margin=\u00bb0px|10px||10px|false|false\u00bb custom_margin_tablet=\u00bb0px|10px||10px|false|false\u00bb custom_margin_phone=\u00bb0px|10px||10px|false|false\u00bb custom_margin_last_edited=\u00bbon|tablet\u00bb custom_padding=\u00bb10px||||false|false\u00bb global_colors_info=\u00bb{}\u00bb]<\/p>\n<p data-start=\"93\" data-end=\"444\" style=\"text-align: justify;\">\ud83d\udc99 <strong data-start=\"96\" data-end=\"124\">Abriendo Camino Meng\u00edbar<\/strong> es una asociaci\u00f3n sin \u00e1nimo de lucro que desde 2001 trabaja por mejorar la vida de ni\u00f1os y ni\u00f1as con diversidad funcional y apoyar a sus familias. Su equipo de profesionales ofrece atenci\u00f3n en psicolog\u00eda, logopedia, fisioterapia, atenci\u00f3n temprana, apoyo escolar y m\u00e1s, siempre con un enfoque cercano y personalizado.<\/p>\n<p data-start=\"446\" data-end=\"697\" style=\"text-align: justify;\">Con proyectos tan ilusionantes como la futura <strong data-start=\"492\" data-end=\"509\">Casa Tutelada<\/strong> y programas de inclusi\u00f3n y vida independiente, Abriendo Camino es un referente de compromiso y esperanza en la comarca. \ud83c\udf08\u2728<\/p>\n<p data-start=\"446\" data-end=\"697\" style=\"text-align: center;\"><strong>Porque Abrir Camino es tambi\u00e9n Abrir Futuro.<\/strong><\/p>\n<p>[\/et_pb_text][\/et_pb_column][\/et_pb_row][et_pb_row _builder_version=\u00bb4.27.0&#8243; _module_preset=\u00bbdefault\u00bb global_colors_info=\u00bb{}\u00bb][et_pb_column type=\u00bb4_4&#8243; _builder_version=\u00bb4.27.0&#8243; _module_preset=\u00bbdefault\u00bb global_colors_info=\u00bb{}\u00bb][et_pb_text _builder_version=\u00bb4.27.4&#8243; _module_preset=\u00bbdefault\u00bb header_2_font=\u00bbPatua One||||||||\u00bb header_2_font_size=\u00bb80px\u00bb header_2_line_height=\u00bb1.2em\u00bb text_orientation=\u00bbcenter\u00bb background_layout=\u00bbdark\u00bb header_2_font_size_tablet=\u00bb40px\u00bb header_2_font_size_phone=\u00bb24px\u00bb header_2_font_size_last_edited=\u00bbon|phone\u00bb global_colors_info=\u00bb{}\u00bb]<\/p>\n<h3><strong><span style=\"color: #000000;\">\u00abSus necesidades son las nuestras\u00bb<\/span><\/strong><\/h3>\n<p>[\/et_pb_text][\/et_pb_column][\/et_pb_row][et_pb_row column_structure=\u00bb1_4,1_4,1_4,1_4&#8243; use_custom_gutter=\u00bbon\u00bb gutter_width=\u00bb2&#8243; make_equal=\u00bbon\u00bb _builder_version=\u00bb4.27.0&#8243; _module_preset=\u00bbdefault\u00bb background_color=\u00bb#f8f4f1&#8243; width=\u00bb100%\u00bb module_alignment=\u00bbcenter\u00bb min_height=\u00bb337.3px\u00bb custom_margin=\u00bb10px|10px|0px|10px|false|false\u00bb custom_padding=\u00bb0px|5px|25px|5px|false|false\u00bb global_colors_info=\u00bb{}\u00bb][et_pb_column type=\u00bb1_4&#8243; _builder_version=\u00bb4.27.0&#8243; _module_preset=\u00bbdefault\u00bb background_enable_color=\u00bboff\u00bb custom_padding=\u00bb10px|30px|10px|10px|false|false\u00bb border_radii=\u00bbon|10px|10px|10px|10px\u00bb border_width_all=\u00bb1px\u00bb global_colors_info=\u00bb{}\u00bb][et_pb_image src=\u00bbhttps:\/\/abriendocamino.org\/wp-content\/uploads\/2024\/09\/979011-removebg-preview.png\u00bb title_text=\u00bb979011-removebg-preview\u00bb _builder_version=\u00bb4.27.0&#8243; _module_preset=\u00bbdefault\u00bb width=\u00bb30%\u00bb custom_margin=\u00bb||24px||false|false\u00bb custom_padding=\u00bb7px||||false|false\u00bb global_colors_info=\u00bb{}\u00bb][\/et_pb_image][et_pb_text _builder_version=\u00bb4.27.0&#8243; _module_preset=\u00bbdefault\u00bb global_colors_info=\u00bb{}\u00bb]<\/p>\n<ul>\n<li>TEL o TDL<\/li>\n<li>Dislexia<\/li>\n<li>Disortograf\u00eda<\/li>\n<li>Trastorno del espectro autista (TEA)<\/li>\n<li>Trastorno del lenguaje y la comunicaci\u00f3n<\/li>\n<\/ul>\n<p>[\/et_pb_text][\/et_pb_column][et_pb_column type=\u00bb1_4&#8243; _builder_version=\u00bb4.27.0&#8243; _module_preset=\u00bbdefault\u00bb background_color=\u00bb#f8f4f1&#8243; custom_padding=\u00bb10px|10px|10px|10px|false|false\u00bb border_radii=\u00bbon|10px|10px|10px|10px\u00bb border_width_all=\u00bb1px\u00bb global_colors_info=\u00bb{}\u00bb][et_pb_image src=\u00bbhttps:\/\/abriendocamino.org\/wp-content\/uploads\/2024\/09\/psychology-icon-design-free-vector-removebg-preview.png\u00bb title_text=\u00bbpsychology-icon-design-free-vector-removebg-preview\u00bb _builder_version=\u00bb4.27.0&#8243; _module_preset=\u00bbdefault\u00bb width=\u00bb30%\u00bb custom_margin=\u00bb||21px||false|false\u00bb custom_padding=\u00bb0px||||false|false\u00bb global_colors_info=\u00bb{}\u00bb][\/et_pb_image][et_pb_text _builder_version=\u00bb4.27.0&#8243; _module_preset=\u00bbdefault\u00bb custom_margin=\u00bb||-2px|||\u00bb global_colors_info=\u00bb{}\u00bb]<\/p>\n<ul>\n<li>Patolog\u00edas que afecten al aprendizaje, socializaci\u00f3n y funciones ejecutivas<\/li>\n<li>TEA<\/li>\n<li>Trastorno por d\u00e9ficit de atenci\u00f3n con hiperactividad (TDAH)<\/li>\n<\/ul>\n<p>[\/et_pb_text][\/et_pb_column][et_pb_column type=\u00bb1_4&#8243; _builder_version=\u00bb4.27.0&#8243; _module_preset=\u00bbdefault\u00bb custom_padding=\u00bb10px|10px|10px|10px|false|false\u00bb border_radii=\u00bbon|10px|10px|10px|10px\u00bb border_width_all=\u00bb1px\u00bb global_colors_info=\u00bb{}\u00bb][et_pb_image src=\u00bbhttps:\/\/abriendocamino.org\/wp-content\/uploads\/2024\/09\/6180520-removebg-preview.png\u00bb title_text=\u00bb6180520-removebg-preview\u00bb _builder_version=\u00bb4.27.0&#8243; _module_preset=\u00bbdefault\u00bb width=\u00bb30%\u00bb custom_padding=\u00bb5px||||false|false\u00bb global_colors_info=\u00bb{}\u00bb][\/et_pb_image][et_pb_text _builder_version=\u00bb4.27.0&#8243; _module_preset=\u00bbdefault\u00bb global_colors_info=\u00bb{}\u00bb]<\/p>\n<ul>\n<li>Da\u00f1o cerebral adquirido infantil<\/li>\n<li>Lesiones medulares, musculares y articulares<\/li>\n<li>Displasia<\/li>\n<li>ATM<\/li>\n<li>Tratamientos respiratorios<\/li>\n<li>Desarrollo motor<\/li>\n<\/ul>\n<p>[\/et_pb_text][\/et_pb_column][et_pb_column type=\u00bb1_4&#8243; _builder_version=\u00bb4.27.0&#8243; _module_preset=\u00bbdefault\u00bb custom_padding=\u00bb10px|10px|10px|10px|false|false\u00bb border_radii=\u00bbon|10px|10px|10px|10px\u00bb border_width_all=\u00bb1px\u00bb global_colors_info=\u00bb{}\u00bb][et_pb_image src=\u00bbhttps:\/\/abriendocamino.org\/wp-content\/uploads\/2024\/09\/support-gift-signs-minimalistic-isolated-600nw-2215971519-removebg-preview.png\u00bb title_text=\u00bbsupport-gift-signs-minimalistic-isolated-600nw-2215971519-removebg-preview\u00bb _builder_version=\u00bb4.27.0&#8243; _module_preset=\u00bbdefault\u00bb width=\u00bb40%\u00bb custom_margin=\u00bb-10px||29px||false|false\u00bb custom_padding=\u00bb0px||0px||false|false\u00bb global_colors_info=\u00bb{}\u00bb][\/et_pb_image][et_pb_text _builder_version=\u00bb4.27.0&#8243; _module_preset=\u00bbdefault\u00bb custom_margin=\u00bb-44px|||||\u00bb custom_padding=\u00bb18px|||||\u00bb global_colors_info=\u00bb{}\u00bb]<\/p>\n<ul>\n<li>Infantil<\/li>\n<li>Primaria<\/li>\n<li>Secundaria<\/li>\n<li>Refuerzo escolar<\/li>\n<li>Idiomas<\/li>\n<li>NEAE (Necesidades Espec\u00edficas de Apoyo Educativo) (Solo Sede Meng\u00edbar)<\/li>\n<\/ul>\n<p>[\/et_pb_text][\/et_pb_column][\/et_pb_row][\/et_pb_section][et_pb_section fb_built=\u00bb1&#8243; custom_padding_last_edited=\u00bbon|phone\u00bb admin_label=\u00bbCall to Action\u00bb _builder_version=\u00bb4.27.0&#8243; _module_preset=\u00bbdefault\u00bb background_color=\u00bb#fbf8f5&#8243; background_enable_image=\u00bboff\u00bb custom_padding=\u00bb70px||70px||true|false\u00bb custom_padding_tablet=\u00bb60px||60px||true|false\u00bb custom_padding_phone=\u00bb0px||0px||true|false\u00bb locked=\u00bboff\u00bb global_colors_info=\u00bb{}\u00bb][et_pb_row _builder_version=\u00bb4.27.0&#8243; _module_preset=\u00bbdefault\u00bb max_width=\u00bbnone\u00bb global_colors_info=\u00bb{}\u00bb][et_pb_column type=\u00bb4_4&#8243; _builder_version=\u00bb4.16&#8243; _module_preset=\u00bbdefault\u00bb global_colors_info=\u00bb{}\u00bb][et_pb_text _builder_version=\u00bb4.27.0&#8243; _module_preset=\u00bbdefault\u00bb header_2_font=\u00bbPatua One||||||||\u00bb header_2_font_size=\u00bb8vw\u00bb header_3_font=\u00bbPatua One||||||||\u00bb header_3_font_size=\u00bb40px\u00bb text_orientation=\u00bbcenter\u00bb header_2_font_size_tablet=\u00bb50px\u00bb header_2_font_size_phone=\u00bb30px\u00bb header_2_font_size_last_edited=\u00bboff|desktop\u00bb global_colors_info=\u00bb{}\u00bb]<\/p>\n<h3>Ven y mira a tu alrededor<\/h3>\n<p>[\/et_pb_text][et_pb_text _builder_version=\u00bb4.27.4&#8243; _module_preset=\u00bbdefault\u00bb text_font_size=\u00bb16px\u00bb text_line_height=\u00bb1.8em\u00bb text_orientation=\u00bbcenter\u00bb max_width=\u00bb700px\u00bb module_alignment=\u00bbcenter\u00bb min_height=\u00bb87.4px\u00bb text_font_size_tablet=\u00bb\u00bb text_font_size_phone=\u00bb14px\u00bb text_font_size_last_edited=\u00bbon|desktop\u00bb locked=\u00bboff\u00bb global_colors_info=\u00bb{}\u00bb]<\/p>\n<p style=\"text-align: justify;\">Explora el mundo de Abriendo Camino, cada rinc\u00f3n est\u00e1 pensado para mejorar la vida de personas con discapacidad y sus familias. A trav\u00e9s de nuestros servicios y proyectos, te mostramos c\u00f3mo juntos podemos construir un futuro lleno de posibilidades.<\/p>\n<p>[\/et_pb_text][et_pb_gallery gallery_ids=\u00bb385,384,383,382,380,375,376,374,373,372,381&#8243; fullwidth=\u00bbon\u00bb _builder_version=\u00bb4.27.4&#8243; _module_preset=\u00bbdefault\u00bb global_colors_info=\u00bb{}\u00bb][\/et_pb_gallery][\/et_pb_column][\/et_pb_row][\/et_pb_section][et_pb_section fb_built=\u00bb1&#8243; admin_label=\u00bbPricing\u00bb _builder_version=\u00bb4.27.0&#8243; _module_preset=\u00bbdefault\u00bb background_color=\u00bb#242424&#8243; background_enable_image=\u00bboff\u00bb custom_padding=\u00bb20px||||false|false\u00bb locked=\u00bboff\u00bb global_colors_info=\u00bb{}\u00bb][et_pb_row _builder_version=\u00bb4.16&#8243; _module_preset=\u00bbdefault\u00bb min_height=\u00bb52px\u00bb global_colors_info=\u00bb{}\u00bb][et_pb_column type=\u00bb4_4&#8243; _builder_version=\u00bb4.16&#8243; _module_preset=\u00bbdefault\u00bb global_colors_info=\u00bb{}\u00bb][et_pb_text _builder_version=\u00bb4.27.0&#8243; _module_preset=\u00bbdefault\u00bb header_2_font=\u00bbPatua One||||||||\u00bb header_2_font_size=\u00bb80px\u00bb header_2_line_height=\u00bb1.2em\u00bb text_orientation=\u00bbcenter\u00bb background_layout=\u00bbdark\u00bb header_2_font_size_tablet=\u00bb40px\u00bb header_2_font_size_phone=\u00bb24px\u00bb header_2_font_size_last_edited=\u00bbon|phone\u00bb global_colors_info=\u00bb{}\u00bb]<\/p>\n<h3><span style=\"color: #ffffff;\"><strong>\u00c1reas de Atenci\u00f3n<\/strong><\/span><\/h3>\n<p>[\/et_pb_text][\/et_pb_column][\/et_pb_row][et_pb_row column_structure=\u00bb1_3,1_3,1_3&#8243; use_custom_gutter=\u00bbon\u00bb make_equal=\u00bbon\u00bb _builder_version=\u00bb4.27.0&#8243; _module_preset=\u00bbdefault\u00bb background_color=\u00bb#f8f4f1&#8243; width=\u00bbauto\u00bb module_alignment=\u00bbcenter\u00bb custom_margin=\u00bb|2px||2px|false|true\u00bb custom_padding=\u00bb|25px||25px|true|false\u00bb border_radii=\u00bbon|20px|20px|20px|20px\u00bb locked=\u00bboff\u00bb global_colors_info=\u00bb{}\u00bb][et_pb_column type=\u00bb1_3&#8243; _builder_version=\u00bb4.27.0&#8243; _module_preset=\u00bbdefault\u00bb background_enable_color=\u00bboff\u00bb custom_padding=\u00bb40px|40px|40px|40px|true|true\u00bb custom_padding_tablet=\u00bb30px|30px|30px|30px|true|true\u00bb custom_padding_phone=\u00bb20px|20px|20px|20px|true|true\u00bb custom_padding_last_edited=\u00bbon|phone\u00bb border_radii=\u00bbon|10px|10px|10px|10px\u00bb border_width_all=\u00bb1px\u00bb global_colors_info=\u00bb{}\u00bb][et_pb_blurb title=\u00bbTrabajo social\u00bb url=\u00bbhttps:\/\/abriendocamino.org\/?page_id=134&#8243; image=\u00bbhttps:\/\/abriendocamino.org\/wp-content\/uploads\/2024\/09\/png-transparent-social-work-social-services-computer-icons-social-work-text-hand-logo-removebg-preview.png\u00bb image_icon_width=\u00bb60%\u00bb _builder_version=\u00bb4.27.0&#8243; _module_preset=\u00bbdefault\u00bb header_text_align=\u00bbcenter\u00bb body_text_align=\u00bbcenter\u00bb global_colors_info=\u00bb{}\u00bb]<\/p>\n<p>Meng\u00edbar<\/p>\n<p>[\/et_pb_blurb][\/et_pb_column][et_pb_column type=\u00bb1_3&#8243; _builder_version=\u00bb4.27.0&#8243; _module_preset=\u00bbdefault\u00bb background_enable_color=\u00bboff\u00bb custom_padding=\u00bb40px|40px|40px|40px|true|true\u00bb custom_padding_tablet=\u00bb30px|30px|30px|30px|true|true\u00bb custom_padding_phone=\u00bb20px|20px|20px|20px|true|true\u00bb custom_padding_last_edited=\u00bbon|phone\u00bb border_radii=\u00bbon|10px|10px|10px|10px\u00bb border_width_all=\u00bb1px\u00bb global_colors_info=\u00bb{}\u00bb][et_pb_blurb title=\u00bbAtenci\u00f3n temprana\u00bb url=\u00bbhttps:\/\/abriendocamino.org\/?page_id=134&#8243; image=\u00bbhttps:\/\/abriendocamino.org\/wp-content\/uploads\/2024\/09\/icono-05-removebg-preview.png\u00bb image_icon_width=\u00bb64%\u00bb _builder_version=\u00bb4.27.0&#8243; _module_preset=\u00bbdefault\u00bb header_text_align=\u00bbcenter\u00bb body_text_align=\u00bbcenter\u00bb global_colors_info=\u00bb{}\u00bb]<\/p>\n<p>Mengibar<\/p>\n<p>Villagordo<\/p>\n<p>[\/et_pb_blurb][\/et_pb_column][et_pb_column type=\u00bb1_3&#8243; _builder_version=\u00bb4.27.0&#8243; _module_preset=\u00bbdefault\u00bb background_enable_color=\u00bboff\u00bb custom_padding=\u00bb40px|40px|40px|40px|true|true\u00bb custom_padding_tablet=\u00bb30px|30px|30px|30px|true|true\u00bb custom_padding_phone=\u00bb20px|20px|20px|20px|true|true\u00bb custom_padding_last_edited=\u00bbon|phone\u00bb border_radii=\u00bbon|10px|10px|10px|10px\u00bb border_width_all=\u00bb1px\u00bb global_colors_info=\u00bb{}\u00bb][et_pb_blurb title=\u00bbAtenci\u00f3n Adultos: Proyecto Pro-Mueve-Vida \u00bb url=\u00bbhttps:\/\/abriendocamino.org\/?page_id=134&#8243; image=\u00bbhttps:\/\/abriendocamino.org\/wp-content\/uploads\/2024\/09\/Captura_de_pantalla_2024-09-09_134527-removebg-preview.png\u00bb image_icon_width=\u00bb81%\u00bb _builder_version=\u00bb4.27.0&#8243; _module_preset=\u00bbdefault\u00bb header_text_align=\u00bbcenter\u00bb body_text_align=\u00bbcenter\u00bb global_colors_info=\u00bb{}\u00bb]<\/p>\n<p>Mengibar<\/p>\n<p>[\/et_pb_blurb][\/et_pb_column][\/et_pb_row][\/et_pb_section][et_pb_section fb_built=\u00bb1&#8243; custom_padding_last_edited=\u00bbon|phone\u00bb admin_label=\u00bbCall to Action\u00bb _builder_version=\u00bb4.27.0&#8243; _module_preset=\u00bbdefault\u00bb background_color=\u00bb#fbf8f5&#8243; background_enable_image=\u00bboff\u00bb custom_padding=\u00bb70px||70px||true|false\u00bb custom_padding_tablet=\u00bb60px||60px||true|false\u00bb custom_padding_phone=\u00bb0px||0px||true|false\u00bb locked=\u00bboff\u00bb global_colors_info=\u00bb{}\u00bb][et_pb_row _builder_version=\u00bb4.27.0&#8243; _module_preset=\u00bbdefault\u00bb max_width=\u00bbnone\u00bb global_colors_info=\u00bb{}\u00bb][et_pb_column type=\u00bb4_4&#8243; _builder_version=\u00bb4.16&#8243; _module_preset=\u00bbdefault\u00bb global_colors_info=\u00bb{}\u00bb][et_pb_text _builder_version=\u00bb4.27.0&#8243; _module_preset=\u00bbdefault\u00bb header_2_font=\u00bbPatua One||||||||\u00bb header_2_font_size=\u00bb8vw\u00bb header_3_font=\u00bbPatua One||||||||\u00bb header_3_font_size=\u00bb40px\u00bb text_orientation=\u00bbcenter\u00bb header_2_font_size_tablet=\u00bb50px\u00bb header_2_font_size_phone=\u00bb30px\u00bb header_2_font_size_last_edited=\u00bboff|desktop\u00bb global_colors_info=\u00bb{}\u00bb]<\/p>\n<h3>Construyendo oportunidades para un futuro inclusivo<\/h3>\n<p>[\/et_pb_text][et_pb_image src=\u00bbhttps:\/\/abriendocamino.org\/wp-content\/uploads\/2024\/09\/a997f7aa-e494-4bb9-8c26-74464b94852d-1-scaled.jpg\u00bb title_text=\u00bbgrupocasa\u00bb align=\u00bbcenter\u00bb src_tablet=\u00bbhttps:\/\/abriendocamino.org\/wp-content\/uploads\/2024\/09\/2026342d-ce9d-4986-82c5-83bc98ee01f6-scaled.jpg\u00bb src_phone=\u00bbhttps:\/\/abriendocamino.org\/wp-content\/uploads\/2024\/11\/grupocasa.png\u00bb src_last_edited=\u00bbon|desktop\u00bb _builder_version=\u00bb4.27.4&#8243; _module_preset=\u00bbdefault\u00bb width=\u00bb60%\u00bb global_colors_info=\u00bb{}\u00bb src__hover_enabled=\u00bboff|desktop\u00bb][\/et_pb_image][et_pb_text _builder_version=\u00bb4.27.4&#8243; _module_preset=\u00bbdefault\u00bb global_colors_info=\u00bb{}\u00bb]<\/p>\n<p data-start=\"158\" data-end=\"562\" style=\"text-align: justify;\">Como parte de nuestro compromiso con la inclusi\u00f3n, la <a href=\"https:\/\/abriendocamino.org\/?page_id=572\" target=\"_blank\" rel=\"noopener\" title=\"Visita el proyecto\"><strong data-start=\"212\" data-end=\"229\">Casa Tutelada<\/strong><\/a> surge como un espacio donde las personas con discapacidad intelectual y\/o del desarrollo puedan convivir, ganar autonom\u00eda y reforzar su integraci\u00f3n en la comunidad. Este proyecto busca dar respuesta a una de las principales preocupaciones de las familias: asegurar un futuro digno y lleno de oportunidades para sus seres queridos.<\/p>\n<p data-start=\"564\" data-end=\"947\" style=\"text-align: justify;\">La vivienda tutelada se suma as\u00ed a nuestras iniciativas para construir una <strong>sociedad m\u00e1s justa e inclusiva<\/strong>, donde cada persona pueda desarrollar sus capacidades, disfrutar de apoyos personalizados y alcanzar la mayor independencia posible. Porque creemos que la inclusi\u00f3n no es un objetivo, sino un camino que se recorre d\u00eda a d\u00eda, creando entornos que generen igualdad y bienestar.<\/p>\n<p>[\/et_pb_text][\/et_pb_column][\/et_pb_row][\/et_pb_section]<\/p>\n","protected":false},"excerpt":{"rendered":"<p>\ud83d\udc99 Abriendo Camino Meng\u00edbar es una asociaci\u00f3n sin \u00e1nimo de lucro que desde 2001 trabaja por mejorar la vida de ni\u00f1os y ni\u00f1as con diversidad funcional y apoyar a sus familias. Su equipo de profesionales ofrece atenci\u00f3n en psicolog\u00eda, logopedia, fisioterapia, atenci\u00f3n temprana, apoyo escolar y m\u00e1s, siempre con un enfoque cercano y personalizado. Con [&hellip;]<\/p>\n","protected":false},"author":1,"featured_media":0,"parent":0,"menu_order":0,"comment_status":"closed","ping_status":"closed","template":"","meta":{"_et_pb_use_builder":"on","_et_pb_old_content":"","_et_gb_content_width":"","footnotes":""},"class_list":["post-115","page","type-page","status-publish","hentry"],"_links":{"self":[{"href":"https:\/\/abriendocamino.org\/index.php?rest_route=\/wp\/v2\/pages\/115","targetHints":{"allow":["GET"]}}],"collection":[{"href":"https:\/\/abriendocamino.org\/index.php?rest_route=\/wp\/v2\/pages"}],"about":[{"href":"https:\/\/abriendocamino.org\/index.php?rest_route=\/wp\/v2\/types\/page"}],"author":[{"embeddable":true,"href":"https:\/\/abriendocamino.org\/index.php?rest_route=\/wp\/v2\/users\/1"}],"replies":[{"embeddable":true,"href":"https:\/\/abriendocamino.org\/index.php?rest_route=%2Fwp%2Fv2%2Fcomments&post=115"}],"version-history":[{"count":72,"href":"https:\/\/abriendocamino.org\/index.php?rest_route=\/wp\/v2\/pages\/115\/revisions"}],"predecessor-version":[{"id":662,"href":"https:\/\/abriendocamino.org\/index.php?rest_route=\/wp\/v2\/pages\/115\/revisions\/662"}],"wp:attachment":[{"href":"https:\/\/abriendocamino.org\/index.php?rest_route=%2Fwp%2Fv2%2Fmedia&parent=115"}],"curies":[{"name":"wp","href":"https:\/\/api.w.org\/{rel}","templated":true}]}}